{"id":781,"date":"2020-11-15T14:35:03","date_gmt":"2020-11-15T12:35:03","guid":{"rendered":"http:\/\/urresto.cluster030.hosting.ovh.net\/environnement\/"},"modified":"2020-11-15T14:35:04","modified_gmt":"2020-11-15T12:35:04","slug":"environnement","status":"publish","type":"page","link":"https:\/\/www.urresti.net\/fr\/environnement\/","title":{"rendered":"Environnement"},"content":{"rendered":"\t\t<div data-elementor-type=\"wp-page\" data-elementor-id=\"781\" class=\"elementor elementor-781 elementor-23\" data-elementor-settings=\"[]\">\n\t\t\t\t\t\t<div class=\"elementor-inner\">\n\t\t\t\t\t\t\t<div class=\"elementor-section-wrap\">\n\t\t\t\t\t\t\t<section class=\"elementor-section elementor-top-section elementor-element elementor-element-1c9f9423 elementor-section-boxed elementor-section-height-default elementor-section-height-default\" data-id=\"1c9f9423\" data-element_type=\"section\">\n\t\t\t\t\t\t<div class=\"elementor-container elementor-column-gap-default\">\n\t\t\t\t\t\t\t<div class=\"elementor-row\">\n\t\t\t\t\t<div class=\"elementor-column elementor-col-100 elementor-top-column elementor-element elementor-element-3a983c15\" data-id=\"3a983c15\" data-element_type=\"column\">\n\t\t\t<div class=\"elementor-column-wrap elementor-element-populated\">\n\t\t\t\t\t\t\t<div class=\"elementor-widget-wrap\">\n\t\t\t\t\t\t<div class=\"elementor-element elementor-element-8354978 elementor-widget elementor-widget-text-editor\" data-id=\"8354978\" data-element_type=\"widget\" data-widget_type=\"text-editor.default\">\n\t\t\t\t<div class=\"elementor-widget-container\">\n\t\t\t\t\t<div class=\"elementor-text-editor elementor-clearfix\"><h2>R\u00e9serve de biosph\u00e8re d&#8217;Urdaibai<\/h2>\n<p>La r\u00e9gion d&#8217;Urdaibai est un joyau naturel unique au Pays Basque. Au c\u0153ur de la Biscaye et c&#8217;est un espace naturel qui constitue la zone humide la plus importante du Pays Basque. Elle abrite probablement la plus grande diversit\u00e9 paysag\u00e8re et \u00e9cologique de toute la Communaut\u00e9 autonome basque.<\/p>\n<p>Des falaises et plages de la c\u00f4te, aux for\u00eats et rivi\u00e8res de l&#8217;int\u00e9rieur, en passant par les marais et les plaines fluviales, Urdaibai est un estuaire enchant\u00e9 o\u00f9 se c\u00f4toient environnement marin et rural. Pour une raison, c&#8217;est l&#8217;une des destinations touristiques par excellence en Biscaye o\u00f9 se m\u00ealent culture et nature pour offrir un large \u00e9ventail de possibilit\u00e9s.<\/p>\n<p>Un paradis o\u00f9 l&#8217;homme et la nature coexistent, dans un cadre de respect et de d\u00e9veloppement durable.<\/p>\n<p>Un paradis magique qui m\u00e9rite d&#8217;\u00eatre visit\u00e9.<\/p>\n<p>Pr\u00e8s de notre maison il y a plusieurs itin\u00e9raires pour la randonn\u00e9e, comme monter \u00e0 San Pedro de Atxarre, Ogo\u00f1o, Laga Buru\u2026 .nous vous informerons.<\/p>\n<p>Les 10 lieux incontournables que je recommande de visiter sont:<\/p>\n<p>San Juan de Gazteluatxe<br \/>\nLes plages de Laga et Laida<br \/>\nCentre ornithologique d&#8217;Urdaibai<br \/>\nElantxobe<br \/>\nEa<br \/>\nLa for\u00eat d&#8217;Oma<br \/>\nGernika<br \/>\nEkoetxea Urdaibai<br \/>\nMundaka<br \/>\nBermeo<br \/>\nPour organiser vos vacances au Pays Basque, je vous recommande ce site avec 120 forfaits d&#8217;une journ\u00e9e:<\/p>\n<p>https:\/\/turismo.euskadi.eus\/contenidos\/informacion\/planes_tu_destino\/es_def\/<\/p>\n<\/div>\n\t\t\t\t<\/div>\n\t\t\t\t<\/div>\n\t\t\t\t<div class=\"elementor-element elementor-element-c48259e elementor-widget elementor-widget-gallery\" data-id=\"c48259e\" data-element_type=\"widget\" data-settings=\"{&quot;columns&quot;:3,&quot;gap&quot;:{&quot;unit&quot;:&quot;px&quot;,&quot;size&quot;:32,&quot;sizes&quot;:[]},&quot;lazyload&quot;:&quot;yes&quot;,&quot;gallery_layout&quot;:&quot;grid&quot;,&quot;columns_tablet&quot;:2,&quot;columns_mobile&quot;:1,&quot;gap_tablet&quot;:{&quot;unit&quot;:&quot;px&quot;,&quot;size&quot;:10,&quot;sizes&quot;:[]},&quot;gap_mobile&quot;:{&quot;unit&quot;:&quot;px&quot;,&quot;size&quot;:10,&quot;sizes&quot;:[]},&quot;link_to&quot;:&quot;file&quot;,&quot;aspect_ratio&quot;:&quot;3:2&quot;,&quot;overlay_background&quot;:&quot;yes&quot;,&quot;content_hover_animation&quot;:&quot;fade-in&quot;}\" data-widget_type=\"gallery.default\">\n\t\t\t\t<div class=\"elementor-widget-container\">\n\t\t\t\t\t<div class=\"elementor-gallery__container\">\n\t\t\t\t\t\t\t<a class=\"e-gallery-item elementor-gallery-item elementor-animated-content\" href=\"https:\/\/www.urresti.net\/wp-content\/uploads\/2020\/10\/San-Juan-de-Gazteluatxe-1.jpeg\" data-elementor-open-lightbox=\"yes\" data-elementor-lightbox-slideshow=\"all-c48259e\" data-elementor-lightbox-title=\"San Juan de Gazteluatxe\">\n\t\t\t\t\t<div class=\"e-gallery-image elementor-gallery-item__image\" data-thumbnail=\"https:\/\/www.urresti.net\/wp-content\/uploads\/2020\/10\/San-Juan-de-Gazteluatxe-1-768x576.jpeg\" data-width=\"768\" data-height=\"576\" alt=\"San Juan de Gazteluatxe\" ><\/div>\n\t\t\t\t\t\t\t\t\t\t<div class=\"elementor-gallery-item__overlay\"><\/div>\n\t\t\t\t\t\t\t\t\t\t\t\t\t\t<\/a>\n\t\t\t\t\t\t\t<a class=\"e-gallery-item elementor-gallery-item elementor-animated-content\" href=\"https:\/\/www.urresti.net\/wp-content\/uploads\/2020\/10\/playa.jpeg\" data-elementor-open-lightbox=\"yes\" data-elementor-lightbox-slideshow=\"all-c48259e\" data-elementor-lightbox-title=\"Playa de Laga\">\n\t\t\t\t\t<div class=\"e-gallery-image elementor-gallery-item__image\" data-thumbnail=\"https:\/\/www.urresti.net\/wp-content\/uploads\/2020\/10\/playa-768x576.jpeg\" data-width=\"768\" data-height=\"576\" alt=\"Playa de Laga\" ><\/div>\n\t\t\t\t\t\t\t\t\t\t<div class=\"elementor-gallery-item__overlay\"><\/div>\n\t\t\t\t\t\t\t\t\t\t\t\t\t\t<\/a>\n\t\t\t\t\t\t\t<a class=\"e-gallery-item elementor-gallery-item elementor-animated-content\" href=\"https:\/\/www.urresti.net\/wp-content\/uploads\/2020\/10\/puesta-de-sol.jpeg\" data-elementor-open-lightbox=\"yes\" data-elementor-lightbox-slideshow=\"all-c48259e\" data-elementor-lightbox-title=\"Puesta de sol\">\n\t\t\t\t\t<div class=\"e-gallery-image elementor-gallery-item__image\" data-thumbnail=\"https:\/\/www.urresti.net\/wp-content\/uploads\/2020\/10\/puesta-de-sol-768x576.jpeg\" data-width=\"768\" data-height=\"576\" alt=\"Puesta de sol\" ><\/div>\n\t\t\t\t\t\t\t\t\t\t<div class=\"elementor-gallery-item__overlay\"><\/div>\n\t\t\t\t\t\t\t\t\t\t\t\t\t\t<\/a>\n\t\t\t\t\t\t\t<a class=\"e-gallery-item elementor-gallery-item elementor-animated-content\" href=\"https:\/\/www.urresti.net\/wp-content\/uploads\/2020\/11\/Bosque-de-Oma.jpg\" data-elementor-open-lightbox=\"yes\" data-elementor-lightbox-slideshow=\"all-c48259e\" data-elementor-lightbox-title=\"Bosque de Oma\">\n\t\t\t\t\t<div class=\"e-gallery-image elementor-gallery-item__image\" data-thumbnail=\"https:\/\/www.urresti.net\/wp-content\/uploads\/2020\/11\/Bosque-de-Oma-768x509.jpg\" data-width=\"768\" data-height=\"509\" alt=\"Bosque de Oma\" ><\/div>\n\t\t\t\t\t\t\t\t\t\t<div class=\"elementor-gallery-item__overlay\"><\/div>\n\t\t\t\t\t\t\t\t\t\t\t\t\t\t<\/a>\n\t\t\t\t\t\t\t<a class=\"e-gallery-item elementor-gallery-item elementor-animated-content\" href=\"https:\/\/www.urresti.net\/wp-content\/uploads\/2020\/11\/Urdaibai-Bird-Center-scaled.jpeg\" data-elementor-open-lightbox=\"yes\" data-elementor-lightbox-slideshow=\"all-c48259e\" data-elementor-lightbox-title=\"Urdaibai Bird Center\">\n\t\t\t\t\t<div class=\"e-gallery-image elementor-gallery-item__image\" data-thumbnail=\"https:\/\/www.urresti.net\/wp-content\/uploads\/2020\/11\/Urdaibai-Bird-Center-768x519.jpeg\" data-width=\"768\" data-height=\"519\" alt=\"\" ><\/div>\n\t\t\t\t\t\t\t\t\t\t<div class=\"elementor-gallery-item__overlay\"><\/div>\n\t\t\t\t\t\t\t\t\t\t\t\t\t\t<\/a>\n\t\t\t\t\t\t\t<a class=\"e-gallery-item elementor-gallery-item elementor-animated-content\" href=\"https:\/\/www.urresti.net\/wp-content\/uploads\/2020\/11\/Elantxobe.jpg\" data-elementor-open-lightbox=\"yes\" data-elementor-lightbox-slideshow=\"all-c48259e\" data-elementor-lightbox-title=\"Elantxobe\">\n\t\t\t\t\t<div class=\"e-gallery-image elementor-gallery-item__image\" data-thumbnail=\"https:\/\/www.urresti.net\/wp-content\/uploads\/2020\/11\/Elantxobe-768x480.jpg\" data-width=\"768\" data-height=\"480\" alt=\"Elantxobe\" ><\/div>\n\t\t\t\t\t\t\t\t\t\t<div class=\"elementor-gallery-item__overlay\"><\/div>\n\t\t\t\t\t\t\t\t\t\t\t\t\t\t<\/a>\n\t\t\t\t\t\t\t<a class=\"e-gallery-item elementor-gallery-item elementor-animated-content\" href=\"https:\/\/www.urresti.net\/wp-content\/uploads\/2020\/10\/Puente-colgante.jpeg\" data-elementor-open-lightbox=\"yes\" data-elementor-lightbox-slideshow=\"all-c48259e\" data-elementor-lightbox-title=\"Puente colgante\">\n\t\t\t\t\t<div class=\"e-gallery-image elementor-gallery-item__image\" data-thumbnail=\"https:\/\/www.urresti.net\/wp-content\/uploads\/2020\/10\/Puente-colgante-768x576.jpeg\" data-width=\"768\" data-height=\"576\" alt=\"Puente colgante\" ><\/div>\n\t\t\t\t\t\t\t\t\t\t<div class=\"elementor-gallery-item__overlay\"><\/div>\n\t\t\t\t\t\t\t\t\t\t\t\t\t\t<\/a>\n\t\t\t\t\t\t\t<a class=\"e-gallery-item elementor-gallery-item elementor-animated-content\" href=\"https:\/\/www.urresti.net\/wp-content\/uploads\/2020\/11\/Guggenheim.jpeg\" data-elementor-open-lightbox=\"yes\" data-elementor-lightbox-slideshow=\"all-c48259e\" data-elementor-lightbox-title=\"Guggenheim\">\n\t\t\t\t\t<div class=\"e-gallery-image elementor-gallery-item__image\" data-thumbnail=\"https:\/\/www.urresti.net\/wp-content\/uploads\/2020\/11\/Guggenheim-768x375.jpeg\" data-width=\"768\" data-height=\"375\" alt=\"Guggenheim\" ><\/div>\n\t\t\t\t\t\t\t\t\t\t<div class=\"elementor-gallery-item__overlay\"><\/div>\n\t\t\t\t\t\t\t\t\t\t\t\t\t\t<\/a>\n\t\t\t\t\t\t\t<a class=\"e-gallery-item elementor-gallery-item elementor-animated-content\" href=\"https:\/\/www.urresti.net\/wp-content\/uploads\/2020\/11\/Gernika.jpg\" data-elementor-open-lightbox=\"yes\" data-elementor-lightbox-slideshow=\"all-c48259e\" data-elementor-lightbox-title=\"Gernika\">\n\t\t\t\t\t<div class=\"e-gallery-image elementor-gallery-item__image\" data-thumbnail=\"https:\/\/www.urresti.net\/wp-content\/uploads\/2020\/11\/Gernika-768x512.jpg\" data-width=\"768\" data-height=\"512\" alt=\"\" ><\/div>\n\t\t\t\t\t\t\t\t\t\t<div class=\"elementor-gallery-item__overlay\"><\/div>\n\t\t\t\t\t\t\t\t\t\t\t\t\t\t<\/a>\n\t\t\t\t\t<\/div>\n\t\t\t<\/div>\n\t\t\t\t<\/div>\n\t\t\t\t<div class=\"elementor-element elementor-element-24d5169 elementor-widget elementor-widget-gallery\" data-id=\"24d5169\" data-element_type=\"widget\" data-settings=\"{&quot;columns&quot;:5,&quot;gap&quot;:{&quot;unit&quot;:&quot;px&quot;,&quot;size&quot;:32,&quot;sizes&quot;:[]},&quot;lazyload&quot;:&quot;yes&quot;,&quot;gallery_layout&quot;:&quot;grid&quot;,&quot;columns_tablet&quot;:2,&quot;columns_mobile&quot;:1,&quot;gap_tablet&quot;:{&quot;unit&quot;:&quot;px&quot;,&quot;size&quot;:10,&quot;sizes&quot;:[]},&quot;gap_mobile&quot;:{&quot;unit&quot;:&quot;px&quot;,&quot;size&quot;:10,&quot;sizes&quot;:[]},&quot;link_to&quot;:&quot;file&quot;,&quot;aspect_ratio&quot;:&quot;3:2&quot;,&quot;overlay_background&quot;:&quot;yes&quot;,&quot;content_hover_animation&quot;:&quot;fade-in&quot;}\" data-widget_type=\"gallery.default\">\n\t\t\t\t<div class=\"elementor-widget-container\">\n\t\t\t\t\t<div class=\"elementor-gallery__container\">\n\t\t\t\t\t<\/div>\n\t\t\t<\/div>\n\t\t\t\t<\/div>\n\t\t\t\t<div class=\"elementor-element elementor-element-97a3cc7 elementor-align-center elementor-widget elementor-widget-button\" data-id=\"97a3cc7\" data-element_type=\"widget\" data-widget_type=\"button.default\">\n\t\t\t\t<div class=\"elementor-widget-container\">\n\t\t\t\t\t<div class=\"elementor-button-wrapper\">\n\t\t\t<a href=\"https:\/\/www.nekatur.net\/motor_reservas\/urresti?lang=fr-FR\" target=\"_blank\" rel=\"nofollow\" class=\"elementor-button-link elementor-button elementor-size-sm\" role=\"button\">\n\t\t\t\t\t\t<span class=\"elementor-button-content-wrapper\">\n\t\t\t\t\t\t<span class=\"elementor-button-icon elementor-align-icon-right\">\n\t\t\t\t<i aria-hidden=\"true\" class=\"fas fa-angle-right\"><\/i>\t\t\t<\/span>\n\t\t\t\t\t\t<span class=\"elementor-button-text\">Reserver<\/span>\n\t\t<\/span>\n\t\t\t\t\t<\/a>\n\t\t<\/div>\n\t\t\t\t<\/div>\n\t\t\t\t<\/div>\n\t\t\t\t\t\t<\/div>\n\t\t\t\t\t<\/div>\n\t\t<\/div>\n\t\t\t\t\t\t\t\t<\/div>\n\t\t\t\t\t<\/div>\n\t\t<\/section>\n\t\t\t\t<section class=\"elementor-section elementor-top-section elementor-element elementor-element-d0f823e elementor-section-boxed elementor-section-height-default elementor-section-height-default\" data-id=\"d0f823e\" data-element_type=\"section\">\n\t\t\t\t\t\t<div class=\"elementor-container elementor-column-gap-default\">\n\t\t\t\t\t\t\t<div class=\"elementor-row\">\n\t\t\t\t\t<div class=\"elementor-column elementor-col-100 elementor-top-column elementor-element elementor-element-49b8e96\" data-id=\"49b8e96\" data-element_type=\"column\">\n\t\t\t<div class=\"elementor-column-wrap elementor-element-populated\">\n\t\t\t\t\t\t\t<div class=\"elementor-widget-wrap\">\n\t\t\t\t\t\t<div class=\"elementor-element elementor-element-4431ba4 elementor-widget elementor-widget-text-editor\" data-id=\"4431ba4\" data-element_type=\"widget\" data-widget_type=\"text-editor.default\">\n\t\t\t\t<div class=\"elementor-widget-container\">\n\t\t\t\t\t<div class=\"elementor-text-editor elementor-clearfix\"><p>Cr\u00e9dit d&#8217;image:<\/p>\n<p>De Ander Abadia Zallo &#8211; Travail personnel, CC BY-SA 4.0, https:\/\/commons.wikimedia.org\/w\/index.php?curid=61022591<br \/>\nhttps:\/\/www.birdcenter.org\/<br \/>\nhttps:\/\/viajeros.minube.com\/claudiavicinelli<\/p>\n<\/div>\n\t\t\t\t<\/div>\n\t\t\t\t<\/div>\n\t\t\t\t\t\t<\/div>\n\t\t\t\t\t<\/div>\n\t\t<\/div>\n\t\t\t\t\t\t\t\t<\/div>\n\t\t\t\t\t<\/div>\n\t\t<\/section>\n\t\t\t\t\t\t<\/div>\n\t\t\t\t\t\t<\/div>\n\t\t\t\t\t<\/div>\n\t\t","protected":false},"excerpt":{"rendered":"<p>R\u00e9serve de biosph\u00e8re d&#8217;Urdaibai La r\u00e9gion d&#8217;Urdaibai est un joyau naturel unique au Pays Basque. Au c\u0153ur de la Biscaye et c&#8217;est un espace naturel qui constitue la zone humide la plus importante du Pays Basque. Elle abrite probablement la plus grande diversit\u00e9 paysag\u00e8re et \u00e9cologique de toute la Communaut\u00e9 autonome basque. Des falaises et &#8230; <a title=\"Environnement\" class=\"read-more\" href=\"https:\/\/www.urresti.net\/fr\/environnement\/\">Lire la suite <span class=\"screen-reader-text\">Environnement<\/span><\/a><\/p>\n","protected":false},"author":1,"featured_media":782,"parent":0,"menu_order":0,"comment_status":"closed","ping_status":"open","template":"","meta":[],"yoast_head":"<!-- This site is optimized with the Yoast SEO plugin v15.2.1 - https:\/\/yoast.com\/wordpress\/plugins\/seo\/ -->\n<title>Environnement - Urresti<\/title>\n<meta name=\"robots\" content=\"index, follow, max-snippet:-1, max-image-preview:large, max-video-preview:-1\" \/>\n<link rel=\"canonical\" href=\"https:\/\/www.urresti.net\/fr\/environnement\/\" \/>\n<meta property=\"og:locale\" content=\"fr_FR\" \/>\n<meta property=\"og:type\" content=\"article\" \/>\n<meta property=\"og:title\" content=\"Environnement - Urresti\" \/>\n<meta property=\"og:description\" content=\"R\u00e9serve de biosph\u00e8re d&#8217;Urdaibai La r\u00e9gion d&#8217;Urdaibai est un joyau naturel unique au Pays Basque. Au c\u0153ur de la Biscaye et c&#8217;est un espace naturel qui constitue la zone humide la plus importante du Pays Basque. Elle abrite probablement la plus grande diversit\u00e9 paysag\u00e8re et \u00e9cologique de toute la Communaut\u00e9 autonome basque. Des falaises et ... Lire la suite Environnement\" \/>\n<meta property=\"og:url\" content=\"https:\/\/www.urresti.net\/fr\/environnement\/\" \/>\n<meta property=\"og:site_name\" content=\"Urresti\" \/>\n<meta property=\"article:modified_time\" content=\"2020-11-15T12:35:04+00:00\" \/>\n<meta property=\"og:image\" content=\"https:\/\/www.urresti.net\/wp-content\/uploads\/2020\/10\/San-Juan-de-Gazteluatxe-1.jpeg\" \/>\n\t<meta property=\"og:image:width\" content=\"1400\" \/>\n\t<meta property=\"og:image:height\" content=\"1050\" \/>\n<meta name=\"twitter:card\" content=\"summary_large_image\" \/>\n<meta name=\"twitter:label1\" content=\"\u00c9crit par\">\n\t<meta name=\"twitter:data1\" content=\"Marcos\">\n\t<meta name=\"twitter:label2\" content=\"Dur\u00e9e de lecture est.\">\n\t<meta name=\"twitter:data2\" content=\"1 minute\">\n<script type=\"application\/ld+json\" class=\"yoast-schema-graph\">{\"@context\":\"https:\/\/schema.org\",\"@graph\":[{\"@type\":\"WebSite\",\"@id\":\"https:\/\/www.urresti.net\/#website\",\"url\":\"https:\/\/www.urresti.net\/\",\"name\":\"Urresti\",\"description\":\"Casa Rural\",\"potentialAction\":[{\"@type\":\"SearchAction\",\"target\":\"https:\/\/www.urresti.net\/?s={search_term_string}\",\"query-input\":\"required name=search_term_string\"}],\"inLanguage\":\"fr-FR\"},{\"@type\":\"ImageObject\",\"@id\":\"https:\/\/www.urresti.net\/fr\/environnement\/#primaryimage\",\"inLanguage\":\"fr-FR\",\"url\":\"https:\/\/www.urresti.net\/wp-content\/uploads\/2020\/10\/San-Juan-de-Gazteluatxe-1.jpeg\",\"width\":1400,\"height\":1050,\"caption\":\"San Juan de Gazteluatxe\"},{\"@type\":\"WebPage\",\"@id\":\"https:\/\/www.urresti.net\/fr\/environnement\/#webpage\",\"url\":\"https:\/\/www.urresti.net\/fr\/environnement\/\",\"name\":\"Environnement - Urresti\",\"isPartOf\":{\"@id\":\"https:\/\/www.urresti.net\/#website\"},\"primaryImageOfPage\":{\"@id\":\"https:\/\/www.urresti.net\/fr\/environnement\/#primaryimage\"},\"datePublished\":\"2020-11-15T12:35:03+00:00\",\"dateModified\":\"2020-11-15T12:35:04+00:00\",\"inLanguage\":\"fr-FR\",\"potentialAction\":[{\"@type\":\"ReadAction\",\"target\":[\"https:\/\/www.urresti.net\/fr\/environnement\/\"]}]}]}<\/script>\n<!-- \/ Yoast SEO plugin. -->","_links":{"self":[{"href":"https:\/\/www.urresti.net\/fr\/wp-json\/wp\/v2\/pages\/781"}],"collection":[{"href":"https:\/\/www.urresti.net\/fr\/wp-json\/wp\/v2\/pages"}],"about":[{"href":"https:\/\/www.urresti.net\/fr\/wp-json\/wp\/v2\/types\/page"}],"author":[{"embeddable":true,"href":"https:\/\/www.urresti.net\/fr\/wp-json\/wp\/v2\/users\/1"}],"replies":[{"embeddable":true,"href":"https:\/\/www.urresti.net\/fr\/wp-json\/wp\/v2\/comments?post=781"}],"version-history":[{"count":1,"href":"https:\/\/www.urresti.net\/fr\/wp-json\/wp\/v2\/pages\/781\/revisions"}],"predecessor-version":[{"id":783,"href":"https:\/\/www.urresti.net\/fr\/wp-json\/wp\/v2\/pages\/781\/revisions\/783"}],"wp:featuredmedia":[{"embeddable":true,"href":"https:\/\/www.urresti.net\/fr\/wp-json\/wp\/v2\/media\/782"}],"wp:attachment":[{"href":"https:\/\/www.urresti.net\/fr\/wp-json\/wp\/v2\/media?parent=781"}],"curies":[{"name":"wp","href":"https:\/\/api.w.org\/{rel}","templated":true}]}}